{"id":6315,"date":"2021-10-09T14:39:23","date_gmt":"2021-10-09T18:39:23","guid":{"rendered":"https:\/\/visionesterel.com\/dans-les-medias\/"},"modified":"2025-09-25T07:30:31","modified_gmt":"2025-09-25T11:30:31","slug":"in-the-media","status":"publish","type":"page","link":"https:\/\/visionesterel.com\/en\/in-the-media\/","title":{"rendered":"In the media"},"content":{"rendered":"\t\t<div data-elementor-type=\"wp-page\" data-elementor-id=\"6315\" class=\"elementor elementor-6315 elementor-5890\">\n\t\t\t\t\t\t\t\t\t<section class=\"elementor-section elementor-top-section elementor-element elementor-element-fcbdcfc elementor-section-boxed elementor-section-height-default elementor-section-height-default\" data-id=\"fcbdcfc\" data-element_type=\"section\">\n\t\t\t\t\t\t<div class=\"elementor-container elementor-column-gap-default\">\n\t\t\t\t\t<div class=\"elementor-column elementor-col-66 elementor-top-column elementor-element elementor-element-6423e82\" data-id=\"6423e82\" data-element_type=\"column\">\n\t\t\t<div class=\"elementor-widget-wrap elementor-element-populated\">\n\t\t\t\t\t\t\t\t<div class=\"elementor-element elementor-element-d07f9d1 elementor-widget elementor-widget-heading\" data-id=\"d07f9d1\" data-element_type=\"widget\" data-widget_type=\"heading.default\">\n\t\t\t\t<div class=\"elementor-widget-container\">\n\t\t\t<style>\/*! elementor - v3.16.0 - 20-09-2023 *\/\n.elementor-heading-title{padding:0;margin:0;line-height:1}.elementor-widget-heading .elementor-heading-title[class*=elementor-size-]>a{color:inherit;font-size:inherit;line-height:inherit}.elementor-widget-heading .elementor-heading-title.elementor-size-small{font-size:15px}.elementor-widget-heading .elementor-heading-title.elementor-size-medium{font-size:19px}.elementor-widget-heading .elementor-heading-title.elementor-size-large{font-size:29px}.elementor-widget-heading .elementor-heading-title.elementor-size-xl{font-size:39px}.elementor-widget-heading .elementor-heading-title.elementor-size-xxl{font-size:59px}<\/style><h1 class=\"elementor-heading-title elementor-size-default\">Est\u00e9rel in the media<\/h1>\t\t<\/div>\n\t\t\t\t<\/div>\n\t\t\t\t<div class=\"elementor-element elementor-element-f481e15 elementor-align-left elementor-icon-list--layout-traditional elementor-list-item-link-full_width elementor-widget elementor-widget-icon-list\" data-id=\"f481e15\" data-element_type=\"widget\" data-widget_type=\"icon-list.default\">\n\t\t\t\t<div class=\"elementor-widget-container\">\n\t\t\t<link rel=\"stylesheet\" href=\"https:\/\/visionesterel.com\/wp-content\/plugins\/elementor\/assets\/css\/widget-icon-list.min.css\">\t\t<ul class=\"elementor-icon-list-items\">\n\t\t\t\t\t\t\t<li class=\"elementor-icon-list-item\">\n\t\t\t\t\t\t\t\t\t\t\t<a href=\"https:\/\/www.journalacces.ca\/actualite\/lesterel-exproprie-le-terrain-de-golf-emblematique-de-son-territoire\/\" target=\"_blank\">\n\n\t\t\t\t\t\t\t\t\t\t\t\t<span class=\"elementor-icon-list-icon\">\n\t\t\t\t\t\t\t<i aria-hidden=\"true\" class=\"fas fa-chevron-circle-right\"><\/i>\t\t\t\t\t\t<\/span>\n\t\t\t\t\t\t\t\t\t\t<span class=\"elementor-icon-list-text\"><u>L\u2019Est\u00e9rel exproprie le terrain de golf embl\u00e9matique de son territoire<\/u><\/span>\n\t\t\t\t\t\t\t\t\t\t\t<\/a>\n\t\t\t\t\t\t\t\t\t<\/li>\n\t\t\t\t\t\t\t\t<li class=\"elementor-icon-list-item\">\n\t\t\t\t\t\t\t\t\t\t\t<a href=\"https:\/\/www.journalacces.ca\/actualite\/pumptrack-velo-montagne-parc-exterieur\/\" target=\"_blank\">\n\n\t\t\t\t\t\t\t\t\t\t\t\t<span class=\"elementor-icon-list-icon\">\n\t\t\t\t\t\t\t<i aria-hidden=\"true\" class=\"fas fa-chevron-circle-right\"><\/i>\t\t\t\t\t\t<\/span>\n\t\t\t\t\t\t\t\t\t\t<span class=\"elementor-icon-list-text\"><u>L\u2019Est\u00e9rel inaugure une piste de pumptrack et un sentier de v\u00e9lo de montagne<\/u><\/span>\n\t\t\t\t\t\t\t\t\t\t\t<\/a>\n\t\t\t\t\t\t\t\t\t<\/li>\n\t\t\t\t\t\t\t\t<li class=\"elementor-icon-list-item\">\n\t\t\t\t\t\t\t\t\t\t\t<a href=\"https:\/\/www.journalacces.ca\/actualite\/sports-exterieurs-terrain-padel-parc\/\" target=\"_blank\">\n\n\t\t\t\t\t\t\t\t\t\t\t\t<span class=\"elementor-icon-list-icon\">\n\t\t\t\t\t\t\t<i aria-hidden=\"true\" class=\"fas fa-chevron-circle-right\"><\/i>\t\t\t\t\t\t<\/span>\n\t\t\t\t\t\t\t\t\t\t<span class=\"elementor-icon-list-text\"><u>L\u2019Est\u00e9rel aura le premier terrain de padel municipal au Canada<\/u><\/span>\n\t\t\t\t\t\t\t\t\t\t\t<\/a>\n\t\t\t\t\t\t\t\t\t<\/li>\n\t\t\t\t\t\t\t\t<li class=\"elementor-icon-list-item\">\n\t\t\t\t\t\t\t\t\t\t\t<a href=\"https:\/\/www.journalacces.ca\/actualite\/remplacement-des-luminaires-sainte-marguerite-du-lac-masson-recule\/\" target=\"_blank\">\n\n\t\t\t\t\t\t\t\t\t\t\t\t<span class=\"elementor-icon-list-icon\">\n\t\t\t\t\t\t\t<i aria-hidden=\"true\" class=\"fas fa-chevron-circle-right\"><\/i>\t\t\t\t\t\t<\/span>\n\t\t\t\t\t\t\t\t\t\t<span class=\"elementor-icon-list-text\"><u>Remplacement des luminaires : Sainte-Marguerite et son agglom\u00e9ration reculent<\/u><\/span>\n\t\t\t\t\t\t\t\t\t\t\t<\/a>\n\t\t\t\t\t\t\t\t\t<\/li>\n\t\t\t\t\t\t\t\t<li class=\"elementor-icon-list-item\">\n\t\t\t\t\t\t\t\t\t\t\t<a href=\"https:\/\/www.journalacces.ca\/actualite\/sainte-marguerite-signature-registre-luminaires-reportee\/\" target=\"_blank\">\n\n\t\t\t\t\t\t\t\t\t\t\t\t<span class=\"elementor-icon-list-icon\">\n\t\t\t\t\t\t\t<i aria-hidden=\"true\" class=\"fas fa-chevron-circle-right\"><\/i>\t\t\t\t\t\t<\/span>\n\t\t\t\t\t\t\t\t\t\t<span class=\"elementor-icon-list-text\"><u>Sainte-Marguerite-du-Lac-Masson : La signature du registre des luminaires a \u00e9t\u00e9 report\u00e9e<\/u><\/span>\n\t\t\t\t\t\t\t\t\t\t\t<\/a>\n\t\t\t\t\t\t\t\t\t<\/li>\n\t\t\t\t\t\t\t\t<li class=\"elementor-icon-list-item\">\n\t\t\t\t\t\t\t\t\t\t\t<a href=\"https:\/\/www.journalacces.ca\/actualite\/sainte-marguerite-contre-esterel-luminaires-sement-discorde\/\" target=\"_blank\">\n\n\t\t\t\t\t\t\t\t\t\t\t\t<span class=\"elementor-icon-list-icon\">\n\t\t\t\t\t\t\t<i aria-hidden=\"true\" class=\"fas fa-chevron-circle-right\"><\/i>\t\t\t\t\t\t<\/span>\n\t\t\t\t\t\t\t\t\t\t<span class=\"elementor-icon-list-text\"><u>Sainte-Marguerite contre Est\u00e9rel : Des futurs luminaires s\u00e8ment de la discorde<\/u><\/span>\n\t\t\t\t\t\t\t\t\t\t\t<\/a>\n\t\t\t\t\t\t\t\t\t<\/li>\n\t\t\t\t\t\t\t\t<li class=\"elementor-icon-list-item\">\n\t\t\t\t\t\t\t\t\t\t\t<a href=\"https:\/\/www.journalacces.ca\/actualite\/pompiers-la-ville-desterel-porte-plainte-a-la-commission-municipale-du-quebec\/\" target=\"_blank\">\n\n\t\t\t\t\t\t\t\t\t\t\t\t<span class=\"elementor-icon-list-icon\">\n\t\t\t\t\t\t\t<i aria-hidden=\"true\" class=\"fas fa-chevron-circle-right\"><\/i>\t\t\t\t\t\t<\/span>\n\t\t\t\t\t\t\t\t\t\t<span class=\"elementor-icon-list-text\"><u>Pompiers : La Ville d\u2019Est\u00e9rel porte plainte \u00e0 la Commission municipale du Qu\u00e9bec<\/u><\/span>\n\t\t\t\t\t\t\t\t\t\t\t<\/a>\n\t\t\t\t\t\t\t\t\t<\/li>\n\t\t\t\t\t\t\t\t<li class=\"elementor-icon-list-item\">\n\t\t\t\t\t\t\t\t\t\t\t<a href=\"https:\/\/www.journalacces.ca\/actualite\/sainte-marguerite-du-lac-masson-centre-culturel\/\" target=\"_blank\">\n\n\t\t\t\t\t\t\t\t\t\t\t\t<span class=\"elementor-icon-list-icon\">\n\t\t\t\t\t\t\t<i aria-hidden=\"true\" class=\"fas fa-chevron-circle-right\"><\/i>\t\t\t\t\t\t<\/span>\n\t\t\t\t\t\t\t\t\t\t<span class=\"elementor-icon-list-text\"><u>Sainte-Marguerite-du-Lac-Masson : P\u00e9tition contre le lieu possible du Centre culturel et communautaire<\/u><\/span>\n\t\t\t\t\t\t\t\t\t\t\t<\/a>\n\t\t\t\t\t\t\t\t\t<\/li>\n\t\t\t\t\t\t\t\t<li class=\"elementor-icon-list-item\">\n\t\t\t\t\t\t\t\t\t\t\t<a href=\"https:\/\/www.ledevoir.com\/economie\/885400\/croissance-deux-vitesses-frictions-laurentides?\" target=\"_blank\">\n\n\t\t\t\t\t\t\t\t\t\t\t\t<span class=\"elementor-icon-list-icon\">\n\t\t\t\t\t\t\t<i aria-hidden=\"true\" class=\"fas fa-chevron-circle-right\"><\/i>\t\t\t\t\t\t<\/span>\n\t\t\t\t\t\t\t\t\t\t<span class=\"elementor-icon-list-text\"><u>Une croissance \u00e0 deux vitesses et des frictions dans les Laurentides <\/u><\/span>\n\t\t\t\t\t\t\t\t\t\t\t<\/a>\n\t\t\t\t\t\t\t\t\t<\/li>\n\t\t\t\t\t\t\t\t<li class=\"elementor-icon-list-item\">\n\t\t\t\t\t\t\t\t\t\t\t<a href=\"https:\/\/www.journalacces.ca\/actualite\/lesterel-exproprie-le-terrain-de-golf-emblematique-de-son-territoire\/\" target=\"_blank\">\n\n\t\t\t\t\t\t\t\t\t\t\t\t<span class=\"elementor-icon-list-icon\">\n\t\t\t\t\t\t\t<i aria-hidden=\"true\" class=\"fas fa-chevron-circle-right\"><\/i>\t\t\t\t\t\t<\/span>\n\t\t\t\t\t\t\t\t\t\t<span class=\"elementor-icon-list-text\"><u>L\u2019Est\u00e9rel exproprie le terrain de golf embl\u00e9matique de son territoire<\/u><\/span>\n\t\t\t\t\t\t\t\t\t\t\t<\/a>\n\t\t\t\t\t\t\t\t\t<\/li>\n\t\t\t\t\t\t\t\t<li class=\"elementor-icon-list-item\">\n\t\t\t\t\t\t\t\t\t\t\t<a href=\"https:\/\/www.montrealgazette.com\/news\/article598008.html\" target=\"_blank\">\n\n\t\t\t\t\t\t\t\t\t\t\t\t<span class=\"elementor-icon-list-icon\">\n\t\t\t\t\t\t\t<i aria-hidden=\"true\" class=\"fas fa-chevron-circle-right\"><\/i>\t\t\t\t\t\t<\/span>\n\t\t\t\t\t\t\t\t\t\t<span class=\"elementor-icon-list-text\"><u>Future of Est\u00e9rel rests with online survey this week<\/u><\/span>\n\t\t\t\t\t\t\t\t\t\t\t<\/a>\n\t\t\t\t\t\t\t\t\t<\/li>\n\t\t\t\t\t\t\t\t<li class=\"elementor-icon-list-item\">\n\t\t\t\t\t\t\t\t\t\t\t<a href=\"https:\/\/www.montrealgazette.com\/news\/article597901.html\" target=\"_blank\">\n\n\t\t\t\t\t\t\t\t\t\t\t\t<span class=\"elementor-icon-list-icon\">\n\t\t\t\t\t\t\t<i aria-hidden=\"true\" class=\"fas fa-chevron-circle-right\"><\/i>\t\t\t\t\t\t<\/span>\n\t\t\t\t\t\t\t\t\t\t<span class=\"elementor-icon-list-text\"><u>Est\u00e9rel residents reject hotel, housing for golf course<\/u><\/span>\n\t\t\t\t\t\t\t\t\t\t\t<\/a>\n\t\t\t\t\t\t\t\t\t<\/li>\n\t\t\t\t\t\t\t\t<li class=\"elementor-icon-list-item\">\n\t\t\t\t\t\t\t\t\t\t\t<a href=\"https:\/\/www.lapresse.ca\/actualites\/2020-12-21\/un-vaste-projet-immobilier-a-esterel-suscite-la-grogne.php\" target=\"_blank\">\n\n\t\t\t\t\t\t\t\t\t\t\t\t<span class=\"elementor-icon-list-icon\">\n\t\t\t\t\t\t\t<i aria-hidden=\"true\" class=\"fas fa-chevron-circle-right\"><\/i>\t\t\t\t\t\t<\/span>\n\t\t\t\t\t\t\t\t\t\t<span class=\"elementor-icon-list-text\"><u>Un vaste projet immobilier \u00e0 Est\u00e9rel suscite la grogne<\/u><\/span>\n\t\t\t\t\t\t\t\t\t\t\t<\/a>\n\t\t\t\t\t\t\t\t\t<\/li>\n\t\t\t\t\t\t\t\t<li class=\"elementor-icon-list-item\">\n\t\t\t\t\t\t\t\t\t\t\t<a href=\"https:\/\/visionesterel.com\/wp-content\/uploads\/2020\/07\/Gazette_0216-2021.jpg\" target=\"_blank\">\n\n\t\t\t\t\t\t\t\t\t\t\t\t<span class=\"elementor-icon-list-icon\">\n\t\t\t\t\t\t\t<i aria-hidden=\"true\" class=\"fas fa-chevron-circle-right\"><\/i>\t\t\t\t\t\t<\/span>\n\t\t\t\t\t\t\t\t\t\t<span class=\"elementor-icon-list-text\"><u>Lawyer fears Est\u00e9rel urban plan will allow mayor to 'hijack democracy'<\/u><\/span>\n\t\t\t\t\t\t\t\t\t\t\t<\/a>\n\t\t\t\t\t\t\t\t\t<\/li>\n\t\t\t\t\t\t<\/ul>\n\t\t\t\t<\/div>\n\t\t\t\t<\/div>\n\t\t\t\t\t<\/div>\n\t\t<\/div>\n\t\t\t\t<div class=\"elementor-column elementor-col-33 elementor-top-column elementor-element elementor-element-aa1a831\" data-id=\"aa1a831\" data-element_type=\"column\">\n\t\t\t<div class=\"elementor-widget-wrap elementor-element-populated\">\n\t\t\t\t\t\t\t\t<div class=\"elementor-element elementor-element-fa637b0 elementor-widget elementor-widget-image\" data-id=\"fa637b0\" data-element_type=\"widget\" data-widget_type=\"image.default\">\n\t\t\t\t<div class=\"elementor-widget-container\">\n\t\t\t<style>\/*! elementor - v3.16.0 - 20-09-2023 *\/\n.elementor-widget-image{text-align:center}.elementor-widget-image a{display:inline-block}.elementor-widget-image a img[src$=\".svg\"]{width:48px}.elementor-widget-image img{vertical-align:middle;display:inline-block}<\/style>\t\t\t\t\t\t\t\t\t\t\t\t<img loading=\"lazy\" decoding=\"async\" width=\"1024\" height=\"984\" src=\"https:\/\/visionesterel.com\/wp-content\/uploads\/2021\/10\/IMG_4867-1024x984.jpg\" class=\"attachment-large size-large wp-image-6312\" alt=\"\" srcset=\"https:\/\/visionesterel.com\/wp-content\/uploads\/2021\/10\/IMG_4867-1024x984.jpg 1024w, https:\/\/visionesterel.com\/wp-content\/uploads\/2021\/10\/IMG_4867-300x288.jpg 300w, https:\/\/visionesterel.com\/wp-content\/uploads\/2021\/10\/IMG_4867-768x738.jpg 768w, https:\/\/visionesterel.com\/wp-content\/uploads\/2021\/10\/IMG_4867-12x12.jpg 12w, https:\/\/visionesterel.com\/wp-content\/uploads\/2021\/10\/IMG_4867-600x577.jpg 600w, https:\/\/visionesterel.com\/wp-content\/uploads\/2021\/10\/IMG_4867-560x538.jpg 560w, https:\/\/visionesterel.com\/wp-content\/uploads\/2021\/10\/IMG_4867.jpg 1280w\" sizes=\"auto, (max-width: 1024px) 100vw, 1024px\" \/>\t\t\t\t\t\t\t\t\t\t\t\t\t\t\t<\/div>\n\t\t\t\t<\/div>\n\t\t\t\t<div class=\"elementor-element elementor-element-192f06c elementor-widget elementor-widget-image\" data-id=\"192f06c\" data-element_type=\"widget\" data-widget_type=\"image.default\">\n\t\t\t\t<div class=\"elementor-widget-container\">\n\t\t\t\t\t\t\t\t\t\t\t\t\t\t\t<img loading=\"lazy\" decoding=\"async\" width=\"640\" height=\"480\" src=\"https:\/\/visionesterel.com\/wp-content\/uploads\/2021\/10\/IMG_4852.jpg\" class=\"attachment-large size-large wp-image-6313\" alt=\"\" srcset=\"https:\/\/visionesterel.com\/wp-content\/uploads\/2021\/10\/IMG_4852.jpg 640w, https:\/\/visionesterel.com\/wp-content\/uploads\/2021\/10\/IMG_4852-300x225.jpg 300w, https:\/\/visionesterel.com\/wp-content\/uploads\/2021\/10\/IMG_4852-16x12.jpg 16w, https:\/\/visionesterel.com\/wp-content\/uploads\/2021\/10\/IMG_4852-600x450.jpg 600w, https:\/\/visionesterel.com\/wp-content\/uploads\/2021\/10\/IMG_4852-560x420.jpg 560w\" sizes=\"auto, (max-width: 640px) 100vw, 640px\" \/>\t\t\t\t\t\t\t\t\t\t\t\t\t\t\t<\/div>\n\t\t\t\t<\/div>\n\t\t\t\t\t<\/div>\n\t\t<\/div>\n\t\t\t\t\t\t\t<\/div>\n\t\t<\/section>\n\t\t\t\t\t\t\t<\/div>\n\t\t","protected":false},"excerpt":{"rendered":"<p>Est\u00e9rel in the media L\u2019Est\u00e9rel exproprie le terrain de golf embl\u00e9matique de son territoire L\u2019Est\u00e9rel inaugure une piste de pumptrack et un sentier de v\u00e9lo de montagne L\u2019Est\u00e9rel aura le premier terrain de padel municipal au Canada Remplacement des luminaires : Sainte-Marguerite et son agglom\u00e9ration reculent Sainte-Marguerite-du-Lac-Masson : La signature du registre des luminaires a [&hellip;]<\/p>\n","protected":false},"author":1,"featured_media":0,"parent":0,"menu_order":0,"comment_status":"closed","ping_status":"closed","template":"elementor_header_footer","meta":{"footnotes":""},"class_list":["post-6315","page","type-page","status-publish","hentry"],"_links":{"self":[{"href":"https:\/\/visionesterel.com\/en\/wp-json\/wp\/v2\/pages\/6315","targetHints":{"allow":["GET"]}}],"collection":[{"href":"https:\/\/visionesterel.com\/en\/wp-json\/wp\/v2\/pages"}],"about":[{"href":"https:\/\/visionesterel.com\/en\/wp-json\/wp\/v2\/types\/page"}],"author":[{"embeddable":true,"href":"https:\/\/visionesterel.com\/en\/wp-json\/wp\/v2\/users\/1"}],"replies":[{"embeddable":true,"href":"https:\/\/visionesterel.com\/en\/wp-json\/wp\/v2\/comments?post=6315"}],"version-history":[{"count":13,"href":"https:\/\/visionesterel.com\/en\/wp-json\/wp\/v2\/pages\/6315\/revisions"}],"predecessor-version":[{"id":6503,"href":"https:\/\/visionesterel.com\/en\/wp-json\/wp\/v2\/pages\/6315\/revisions\/6503"}],"wp:attachment":[{"href":"https:\/\/visionesterel.com\/en\/wp-json\/wp\/v2\/media?parent=6315"}],"curies":[{"name":"wp","href":"https:\/\/api.w.org\/{rel}","templated":true}]}}